{"id":3,"date":"2022-01-26T12:49:30","date_gmt":"2022-01-26T12:49:30","guid":{"rendered":"http:\/\/koscian-komornik.pl\/?page_id=3"},"modified":"2022-02-11T14:30:15","modified_gmt":"2022-02-11T14:30:15","slug":"privacy-policy","status":"publish","type":"page","link":"https:\/\/koscian-komornik.pl\/index.php\/privacy-policy\/","title":{"rendered":""},"content":{"rendered":"\t\t<div data-elementor-type=\"wp-page\" data-elementor-id=\"3\" class=\"elementor elementor-3\" data-elementor-settings=\"[]\">\n\t\t\t\t\t\t\t<div class=\"elementor-section-wrap\">\n\t\t\t\t\t\t\t<section class=\"elementor-section elementor-top-section elementor-element elementor-element-6052bd0d elementor-section-boxed elementor-section-height-default elementor-section-height-default\" data-id=\"6052bd0d\" data-element_type=\"section\">\n\t\t\t\t\t\t<div class=\"elementor-container elementor-column-gap-default\">\n\t\t\t\t\t<div class=\"elementor-column elementor-col-100 elementor-top-column elementor-element elementor-element-2cebb40a\" data-id=\"2cebb40a\" data-element_type=\"column\">\n\t\t\t<div class=\"elementor-widget-wrap elementor-element-populated\">\n\t\t\t\t\t\t\t\t<div class=\"elementor-element elementor-element-ad553df elementor-widget elementor-widget-heading\" data-id=\"ad553df\" data-element_type=\"widget\" data-widget_type=\"heading.default\">\n\t\t\t\t<div class=\"elementor-widget-container\">\n\t\t\t<style>\/*! elementor - v3.5.6 - 28-02-2022 *\/\n.elementor-heading-title{padding:0;margin:0;line-height:1}.elementor-widget-heading .elementor-heading-title[class*=elementor-size-]>a{color:inherit;font-size:inherit;line-height:inherit}.elementor-widget-heading .elementor-heading-title.elementor-size-small{font-size:15px}.elementor-widget-heading .elementor-heading-title.elementor-size-medium{font-size:19px}.elementor-widget-heading .elementor-heading-title.elementor-size-large{font-size:29px}.elementor-widget-heading .elementor-heading-title.elementor-size-xl{font-size:39px}.elementor-widget-heading .elementor-heading-title.elementor-size-xxl{font-size:59px}<\/style><h1 class=\"elementor-heading-title elementor-size-xxl\">RODO<\/h1>\t\t<\/div>\n\t\t\t\t<\/div>\n\t\t\t\t<div class=\"elementor-element elementor-element-13d1669b elementor-widget elementor-widget-text-editor\" data-id=\"13d1669b\" data-element_type=\"widget\" data-widget_type=\"text-editor.default\">\n\t\t\t\t<div class=\"elementor-widget-container\">\n\t\t\t<style>\/*! elementor - v3.5.6 - 28-02-2022 *\/\n.elementor-widget-text-editor.elementor-drop-cap-view-stacked .elementor-drop-cap{background-color:#818a91;color:#fff}.elementor-widget-text-editor.elementor-drop-cap-view-framed .elementor-drop-cap{color:#818a91;border:3px solid;background-color:transparent}.elementor-widget-text-editor:not(.elementor-drop-cap-view-default) .elementor-drop-cap{margin-top:8px}.elementor-widget-text-editor:not(.elementor-drop-cap-view-default) .elementor-drop-cap-letter{width:1em;height:1em}.elementor-widget-text-editor .elementor-drop-cap{float:left;text-align:center;line-height:1;font-size:50px}.elementor-widget-text-editor .elementor-drop-cap-letter{display:inline-block}<\/style>\t\t\t\t<p>Na podstawie art. 13 ust. 1 i 2 rozporz\u0105dzenia Parlamentu Europejskiego i Rady (UE) 2016\/679 z 27 kwietnia 2016r. w&nbsp;<span style=\"font-size: 14.4px; font-style: inherit; font-weight: inherit; color: var( --e-global-color-text ); font-family: var( --e-global-typography-text-font-family ), Sans-serif;\">sprawie ochrony os\u00f3b fizycznych w zwi\u0105zku z przetwarzaniem danych osobowych i w sprawie swobodnego przep\u0142ywu&nbsp;<\/span><span style=\"font-size: 14.4px; font-style: inherit; font-weight: inherit; color: var( --e-global-color-text ); font-family: var( --e-global-typography-text-font-family ), Sans-serif;\">takich danych oraz uchylenia dyrektywy 95\/46\/WE (og\u00f3lne rozporz\u0105dzenie o ochronie danych osobowych) dalej &#8211; RODO,<\/span><\/p>\n<p>Komornik S\u0105dowy przy S\u0105dzie Rejonowym w Ko\u015bcianie Marcin Tuli\u0144ski informuj\u0119:<\/p>\n<p><b>I To\u017csamo\u015b\u0107 oraz dane kontaktowe Administratora Danych Osobowych (art. 13&nbsp;<\/b><span style=\"font-size: 14.4px; font-style: inherit; color: var( --e-global-color-text ); font-family: var( --e-global-typography-text-font-family ), Sans-serif;\"><b>pkt 1 lit. a)<\/b><\/span><\/p>\n<p><span style=\"font-family: Arial, sans-serif; font-size: 11.5pt; font-style: inherit; font-weight: inherit; color: var( --e-global-color-text );\">Administratorem&nbsp;danych osobowych jest Komornik S\u0105dowy przy S\u0105dzie Rejonowym w Ko\u015bcianie Marcin<br>Tuli\u0144ski z&nbsp;<\/span><span style=\"font-family: Arial, sans-serif; font-size: 11.5pt; font-style: inherit; font-weight: inherit; color: var( --e-global-color-text );\">siedzib\u0105 przy ul.Ko\u015bcielnej,&nbsp; 64-000 w Ko\u015bcianie telefon 695 395 096.<\/span><\/p>\n<p><o:p><\/o:p><\/p>\n<p><span style=\"transform: scaleX(0.974881)\" role=\"presentation\"><span style=\"transform: scaleX(1.15836)\" role=\"presentation\"><\/span><\/span><\/p>\n<p><b>II Dane kontaktowe Inspektora Ochrony Danych (art. 13 pkt 1 lit. b)<\/b><\/p>\n<p><span style=\"font-size:11.5pt;font-family:&quot;Arial&quot;,sans-serif; mso-fareast-font-family:Calibri;mso-fareast-theme-font:minor-latin;mso-ansi-language: PL;mso-fareast-language:PL;mso-bidi-language:AR-SA\">Administrator<\/span><span role=\"presentation\"> <\/span><span style=\"transform: scaleX(1.18841)\" role=\"presentation\">wyznaczy\u0142<\/span><span role=\"presentation\"> <\/span><span style=\"transform: scaleX(1.1694)\" role=\"presentation\">Inspektora<\/span><span role=\"presentation\"> <\/span><span style=\"transform: scaleX(1.15637)\" role=\"presentation\">Ochrony<\/span><span role=\"presentation\"> <\/span><span style=\"transform: scaleX(1.19393)\" role=\"presentation\">Danych,<\/span><span role=\"presentation\"> <\/span><span style=\"transform: scaleX(1.15029)\" role=\"presentation\">kt\u00f3rym<\/span><span role=\"presentation\"> <\/span><span style=\"transform: scaleX(1.17956)\" role=\"presentation\">jest<\/span><span role=\"presentation\"> <\/span><span style=\"transform: scaleX(1.1278)\" role=\"presentation\">Pan<br>Roman Kwieci\u0144ski.<\/span><span role=\"presentation\"> <\/span><span role=\"presentation\">Z&nbsp;<\/span><span style=\"transform: scaleX(1.17313)\" role=\"presentation\">Inspektorem Ochrony&nbsp;Danych mo\u017cna si\u0119 skontaktowa\u0107 w sprawach zwi\u0105zanych z przetwarzaniem danych&nbsp;osobowych&nbsp;<\/span><span style=\"transform: scaleX(1.24992)\" role=\"presentation\">pisemnie<\/span><span role=\"presentation\"> <\/span><span style=\"transform: scaleX(1.19093)\" role=\"presentation\">na<\/span><span role=\"presentation\"> <\/span><span style=\"transform: scaleX(1.26336)\" role=\"presentation\">adres<\/span><span role=\"presentation\"> <\/span><span style=\"transform: scaleX(1.29404)\" role=\"presentation\">siedziby<\/span><span role=\"presentation\"> <\/span><span style=\"transform: scaleX(1.29834)\" role=\"presentation\">kancelarii<\/span><span role=\"presentation\"> ul. Ko\u015bcielna 8 64-000 Ko\u015bcian<\/span><span role=\"presentation\"><br><\/span><span style=\"transform: scaleX(1.23182)\" role=\"presentation\">lub\/oraz<\/span><span role=\"presentation\"> <\/span><span style=\"transform: scaleX(1.2601)\" role=\"presentation\">poprzez<\/span><span role=\"presentation\"> <\/span><span style=\"transform: scaleX(1.26336)\" role=\"presentation\">adres<\/span><span role=\"presentation\"> e-mail <a href=\"mailto:iod.koscian.002@komornik.pl\">iod.koscian.002@komornik.pl<\/a><\/span><br><\/p>\n<p><b>III Cel i podstawa prawna przetwarzania danych osobowych (art. 13 pkt 1 lit. c)<\/b><\/p>\n<p>Pani\/Pana dane osobowe przetwarzane s\u0105 w celu prowadzenia post\u0119powania egzekucyjnego, zabezpieczaj\u0105cego oraz&nbsp;<span style=\"font-size: 14.4px; font-style: inherit; font-weight: inherit; color: var( --e-global-color-text ); font-family: var( --e-global-typography-text-font-family ), Sans-serif;\">innych czynno\u015bci, kt\u00f3rych wykonanie jest obowi\u0105zkiem prawnie ci\u0105\u017c\u0105cym na administratorze (art. 6 ust. 1 lit. c RODO)&nbsp;<\/span><span style=\"font-size: 14.4px; font-style: inherit; font-weight: inherit; color: var( --e-global-color-text ); font-family: var( --e-global-typography-text-font-family ), Sans-serif;\">wynikaj\u0105cym z art. 3 ustawy z dnia 22 marca 2018 r. o komornikach s\u0105dowych (Dz. U. z 2018 r. poz. 771).<\/span><\/p>\n<p><b>IV Odbiorcy danych lub kategorie odbiorc\u00f3w danych (art. 13 pkt. 1 lit. e)<\/b><\/p>\n<p>Zgodnie z w\u0142a\u015bciwymi przepisami prawa i w celu wykonania obowi\u0105zk\u00f3w przez nie na\u0142o\u017conych komornik przekazuje&nbsp;<span style=\"font-size: 14.4px; font-style: inherit; font-weight: inherit; color: var( --e-global-color-text ); font-family: var( --e-global-typography-text-font-family ), Sans-serif;\">Pani\/Pana dane osobowe w toku post\u0119powania egzekucyjnego stronom oraz uczestnikom post\u0119powania, urz\u0119dom&nbsp;<\/span><span style=\"font-size: 14.4px; font-style: inherit; font-weight: inherit; color: var( --e-global-color-text ); font-family: var( --e-global-typography-text-font-family ), Sans-serif;\">lub\/oraz instytucj\u0105, a tak\u017ce innym podmiotom, je\u017celi jest to wymagane przepisami prawa.<\/span><\/p>\n<p><b>V Przekazanie danych osobowych poza EOG (art. 13 pkt. 1 lit. f)<\/b><\/p>\n<p>Dane osobowe nie s\u0105\u0328 przesy\u0142ane poza obszar Europejski Obszar Gospodarczy.<\/p>\n<p><b>VI Okres, przez kt\u00f3ry b\u0119d\u0105 przetwarzane dane osobowe (art. 13 pkt 2 lit. a)<\/b><\/p>\n<p>Dane s\u0105 przechowywane przez okres wynikaj\u0105cy z przepis\u00f3w rozporz\u0105dzenia ministra sprawiedliwo\u015bci z dnia 14 grudnia&nbsp;<span style=\"font-size: 14.4px; font-style: inherit; font-weight: inherit; color: var( --e-global-color-text ); font-family: var( --e-global-typography-text-font-family ), Sans-serif;\">2018 r. w sprawie przechowywania i niszczenia akt spraw komorniczych oraz zamkni\u0119tych urz\u0105dze\u0144 ewidencyjnych.<\/span><\/p>\n<p><b>VII Prawa podmiotu (art. 13 pkt 2 lit. b)<\/b><\/p>\n<p>Osobom, kt\u00f3rych dane osobowe s\u0105 przetwarzane w sprawach dotycz\u0105cych wykonywania czynno\u015bci w post\u0119powaniu&nbsp;<span style=\"font-size: 14.4px; font-style: inherit; font-weight: inherit; color: var( --e-global-color-text ); font-family: var( --e-global-typography-text-font-family ), Sans-serif;\">egzekucyjnym i zabezpieczaj\u0105cych oraz innych ustawowych zada\u0144 komornika nie przys\u0142uguje prawo do usuni\u0119cia&nbsp;<\/span><span style=\"font-size: 14.4px; font-style: inherit; font-weight: inherit; color: var( --e-global-color-text ); font-family: var( --e-global-typography-text-font-family ), Sans-serif;\">danych, sprzeciwu i przeniesienia danych. Prawo dost\u0119pu do danych osobowych realizowane jest na podstawie zasad&nbsp;<\/span><span style=\"font-size: 14.4px; font-style: inherit; font-weight: inherit; color: var( --e-global-color-text ); font-family: var( --e-global-typography-text-font-family ), Sans-serif;\">okre\u015blonych w art. 9 ustawy z dnia 17 listopada 1964 r. \u2013 Kodeks post\u0119powania cywilnego, zwanej dalej \u201ek.p.c.\u201d.&nbsp;<\/span><span style=\"font-size: 14.4px; font-style: inherit; font-weight: inherit; color: var( --e-global-color-text ); font-family: var( --e-global-typography-text-font-family ), Sans-serif;\">Sprostowanie danych osobowych oraz prawo do ograniczenia przetwarzania realizowane jest wy\u0142\u0105cznie na podstawie i w&nbsp;<\/span><span style=\"font-size: 14.4px; font-style: inherit; font-weight: inherit; color: var( --e-global-color-text ); font-family: var( --e-global-typography-text-font-family ), Sans-serif;\">zakresie okre\u015blonym w k.p.c.&nbsp;<\/span><\/p>\n<p><span style=\"font-size: 14.4px; font-style: inherit; font-weight: inherit; color: var( --e-global-color-text ); font-family: var( --e-global-typography-text-font-family ), Sans-serif;\">W przypadku pozyskiwania danych osobowych nie od osoby, kt\u00f3rej dane dotycz\u0105, Komornikowi S\u0105dowemu przys\u0142uguj\u0119&nbsp;<\/span><span style=\"font-size: 14.4px; font-style: inherit; font-weight: inherit; color: var( --e-global-color-text ); font-family: var( --e-global-typography-text-font-family ), Sans-serif;\">wy\u0142\u0105czenie od zobowi\u0105zania przekazania informacji wynikaj\u0105cych z art. 14 RODO osobie, kt\u00f3rej dane pozyska\u0142 w inny&nbsp;<\/span><span style=\"font-size: 14.4px; font-style: inherit; font-weight: inherit; color: var( --e-global-color-text ); font-family: var( --e-global-typography-text-font-family ), Sans-serif;\">spos\u00f3b ni\u017c od tej osoby.<\/span><\/p>\n<p><b>VIII Skarga w zwi\u0105zku z przetwarzaniem danych osobowych (art. 13 pkt 2 lit. d)<\/b><\/p>\n<p>Je\u017celi przetwarzanie danych osobowych w trakcie prowadzenia post\u0119powania egzekucyjnego przez komornika s\u0105dowego&nbsp;<span style=\"font-size: 14.4px; font-style: inherit; font-weight: inherit; color: var( --e-global-color-text ); font-family: var( --e-global-typography-text-font-family ), Sans-serif;\">narusza przepisy prawa, przys\u0142uguje Panu\/Pani prawo do zwr\u00f3cenia si\u0119 ze skarg\u0105 do Prezesa UODO z wy\u0142\u0105czeniem&nbsp;<\/span><span style=\"font-size: 14.4px; font-style: inherit; font-weight: inherit; color: var( --e-global-color-text ); font-family: var( --e-global-typography-text-font-family ), Sans-serif;\">spraw w zakresie kt\u00f3rych na czynno\u015bci podejmowane przez komornika s\u0105dowego przys\u0142uguje skarga w rygorze art. 767&nbsp;<\/span><span style=\"font-size: 14.4px; font-style: inherit; font-weight: inherit; color: var( --e-global-color-text ); font-family: var( --e-global-typography-text-font-family ), Sans-serif;\">k.p.c. \u2013 w tym przypadku adresatem skargi powinien by\u0107 s\u0105d rejonowy w\u0142a\u015bciwy ze wzgl\u0119du na siedzib\u0119 kancelarii&nbsp;<\/span><span style=\"font-size: 14.4px; font-style: inherit; font-weight: inherit; color: var( --e-global-color-text ); font-family: var( --e-global-typography-text-font-family ), Sans-serif;\">komornika.<\/span><\/p>\n<p><b>IX Informacja o obowi\u0105zku podania danych (art. 13 pkt 2 lit. e)<\/b><\/p>\n<p>Podanie danych osobowych jest obowi\u0105zkowe. Wynika to ze wskazanych powy\u017cej podstaw prawnych oraz jest niezb\u0119dne&nbsp;<span style=\"font-size: 14.4px; font-style: inherit; font-weight: inherit; color: var( --e-global-color-text ); font-family: var( --e-global-typography-text-font-family ), Sans-serif;\">do realizacji ustawowych zada\u0144 Komornika S\u0105dowego.<\/span><\/p>\n<p><b>X Przetwarzanie danych osobowych w spos\u00f3b zautomatyzowany (art. 13 pkt 2&nbsp;<span style=\"font-size: 14.4px; font-style: inherit; color: var( --e-global-color-text ); font-family: var( --e-global-typography-text-font-family ), Sans-serif;\">lit. f)<\/span><\/b><\/p>\n<p>Dane osobowe stron oraz uczestnik\u00f3w post\u0119powania egzekucyjnego nie s\u0105 przetwarzane w spos\u00f3b zautomatyzowany.<\/p>\t\t\t\t\t\t<\/div>\n\t\t\t\t<\/div>\n\t\t\t\t\t<\/div>\n\t\t<\/div>\n\t\t\t\t\t\t\t<\/div>\n\t\t<\/section>\n\t\t\t\t\t\t<\/div>\n\t\t\t\t\t<\/div>\n\t\t","protected":false},"excerpt":{"rendered":"<p>RODO Na podstawie art. 13 ust. 1 i 2 rozporz\u0105dzenia Parlamentu Europejskiego i Rady (UE) 2016\/679 z 27 kwietnia 2016r. w&nbsp;sprawie ochrony os\u00f3b fizycznych w zwi\u0105zku z przetwarzaniem danych osobowych i w sprawie swobodnego przep\u0142ywu&nbsp;takich danych oraz uchylenia dyrektywy 95\/46\/WE (og\u00f3lne rozporz\u0105dzenie o ochronie danych osobowych) dalej &#8211; RODO, Komornik S\u0105dowy przy S\u0105dzie Rejonowym w [&hellip;]<\/p>\n","protected":false},"author":1,"featured_media":0,"parent":0,"menu_order":0,"comment_status":"closed","ping_status":"open","template":"","meta":{"footnotes":""},"class_list":["post-3","page","type-page","status-publish","hentry"],"_links":{"self":[{"href":"https:\/\/koscian-komornik.pl\/index.php\/wp-json\/wp\/v2\/pages\/3","targetHints":{"allow":["GET"]}}],"collection":[{"href":"https:\/\/koscian-komornik.pl\/index.php\/wp-json\/wp\/v2\/pages"}],"about":[{"href":"https:\/\/koscian-komornik.pl\/index.php\/wp-json\/wp\/v2\/types\/page"}],"author":[{"embeddable":true,"href":"https:\/\/koscian-komornik.pl\/index.php\/wp-json\/wp\/v2\/users\/1"}],"replies":[{"embeddable":true,"href":"https:\/\/koscian-komornik.pl\/index.php\/wp-json\/wp\/v2\/comments?post=3"}],"version-history":[{"count":19,"href":"https:\/\/koscian-komornik.pl\/index.php\/wp-json\/wp\/v2\/pages\/3\/revisions"}],"predecessor-version":[{"id":812,"href":"https:\/\/koscian-komornik.pl\/index.php\/wp-json\/wp\/v2\/pages\/3\/revisions\/812"}],"wp:attachment":[{"href":"https:\/\/koscian-komornik.pl\/index.php\/wp-json\/wp\/v2\/media?parent=3"}],"curies":[{"name":"wp","href":"https:\/\/api.w.org\/{rel}","templated":true}]}}